{"id":97,"date":"2018-05-04T12:23:27","date_gmt":"2018-05-04T10:23:27","guid":{"rendered":"http:\/\/asso-antenne.fr\/?page_id=97"},"modified":"2020-02-23T19:04:03","modified_gmt":"2020-02-23T18:04:03","slug":"projet-et-valeurs","status":"publish","type":"page","link":"https:\/\/asso-antenne.fr\/?page_id=97","title":{"rendered":"Projet et valeurs"},"content":{"rendered":"<p><span style=\"text-decoration: underline;\"><strong><span style=\"font-family: arial, helvetica, sans-serif;\">Projet<\/span><\/strong><\/span><\/p>\n<p style=\"text-align: justify;\"><span style=\"font-family: arial, helvetica, sans-serif;\">N\u00e9e de l\u2019initiative de quelques b\u00e9n\u00e9voles, ANTENNE a su, tout au long de ses 45 ans d\u2019histoire, poursuivre les buts qu\u2019elle s\u2019\u00e9tait fix\u00e9s et d\u00e9velopper pour ce faire nombre d\u2019actions au b\u00e9n\u00e9fice des personnes vuln\u00e9rables en situation de grande pr\u00e9carit\u00e9.<\/span><\/p>\n<p style=\"text-align: justify;\"><span style=\"font-family: arial, helvetica, sans-serif;\">Ses missions d\u2019Accueil, de Conseil, de Soutien, d\u2019Accompagnement et d\u2019Aide, s\u2019ancrent sur des valeurs humaines fondamentales. Ses objectifs sont d\u2019apporter les r\u00e9ponses appropri\u00e9es aux situations individuelles et collectives des personnes les plus fragiles dans notre soci\u00e9t\u00e9, dont elles sont de ce fait souvent exclues.<\/span><\/p>\n<p style=\"text-align: justify;\"><span style=\"font-family: arial, helvetica, sans-serif;\">La place importante qu\u2019elle occupe dans l\u2019action sociale d\u00e9partementale, aux c\u00f4t\u00e9s d\u2019autres partenaires, est due \u00e0 la conviction de ses membres b\u00e9n\u00e9voles, \u00e0 la comp\u00e9tence de ses salari\u00e9s, \u00e0 la collaboration des acteurs et d\u00e9cideurs sociaux.<\/span><\/p>\n<p style=\"text-align: justify;\"><span style=\"font-family: arial, helvetica, sans-serif;\">Dans la p\u00e9riode de changements profonds que traverse la soci\u00e9t\u00e9, la transformation du travail, la crise du lien social et du sens, fragilise davantage les populations aupr\u00e8s desquelles nous intervenons. Ces mutations entra\u00eenent doutes et incertitudes qui peuvent prendre le pas sur l\u2019action volontariste et innovante risquant ainsi d\u2019alt\u00e9rer r\u00f4les et missions des associations engag\u00e9es dans l\u2019action sociale. D\u00e8s lors, philosophie originelle et projet associatif sont fortement interpell\u00e9s.<\/span><\/p>\n<p style=\"text-align: justify;\"><span style=\"font-family: arial, helvetica, sans-serif;\">L\u2019action quotidienne des professionnels du travail social est confront\u00e9e \u00e0 ces questions sociales et les mutations en cours interpellent les projets institutionnels, les pratiques, le sens m\u00eame de l\u2019intervention sociale. Le cadre l\u00e9gislatif et r\u00e9glementaire qui r\u00e9git nos champs d\u2019interventions, est lui-m\u00eame r\u00e9-interrog\u00e9 ; des \u00e9volutions importantes se sont d\u00e9j\u00e0 op\u00e9r\u00e9es ou sont pr\u00e9visibles \u00e0 court et moyen terme.<\/span><\/p>\n<p style=\"text-align: justify;\"><span style=\"font-family: arial, helvetica, sans-serif;\">R\u00e9affirmer ses valeurs et ses finalit\u00e9s, fixer ses orientations pour les ann\u00e9es \u00e0 venir, tel est le grand chantier dans lequel ANTENNE s\u2019est engag\u00e9e. ANTENNE a la volont\u00e9 d\u2019inscrire son Projet Associatif pour les ann\u00e9es 2020 dans son histoire, la r\u00e9alit\u00e9 sociale et \u00e9conomique pr\u00e9sente et en devenir, les attentes de ses environnements, la dynamique des r\u00e9seaux auxquels elle appartient, le militantisme de ses administrateurs et le professionnalisme de ses salari\u00e9s.<\/span><\/p>\n<p style=\"text-align: justify;\"><span style=\"font-family: arial, helvetica, sans-serif;\">Les personnes en situation d\u2019exclusion, de souffrance, ou de vuln\u00e9rabilit\u00e9 sont au coeur des pr\u00e9occupations d\u2019ANTENNE.<\/span><\/p>\n<p style=\"text-align: justify;\"><span style=\"font-family: arial, helvetica, sans-serif;\">Toutes les \u00e9nergies mobilis\u00e9es par la militance de l\u2019association, l\u2019activit\u00e9 de ses professionnels, ses propositions vis-\u00e0-vis des pouvoirs publics, ses axes de d\u00e9veloppement, son organisation tendent vers un m\u00eame but : la restauration de la personne et sa promotion.<\/span><\/p>\n<p style=\"text-align: justify;\"><span style=\"font-family: arial, helvetica, sans-serif;\">ANTENNE est une association HUMANISTE et MILITANTE qui veut promouvoir la citoyennet\u00e9 active en s\u2019appuyant sur :<\/span><\/p>\n<ul style=\"text-align: justify;\">\n<li><span style=\"font-family: arial, helvetica, sans-serif;\">les droits de l\u2019Homme<\/span><\/li>\n<li><span style=\"font-family: arial, helvetica, sans-serif;\">la la\u00efcit\u00e9<\/span><\/li>\n<li><span style=\"font-family: arial, helvetica, sans-serif;\">le respect des diff\u00e9rences<\/span><\/li>\n<\/ul>\n<p style=\"text-align: justify;\"><span style=\"font-family: arial, helvetica, sans-serif;\"><strong>Association HUMANISTE<\/strong>, ANTENNE :<\/span><\/p>\n<ul style=\"text-align: justify;\">\n<li><span style=\"font-family: arial, helvetica, sans-serif;\">Place les personnes au CENTRE de ses interventions, en prenant prioritairement en compte ce qui donne sens \u00e0 leur existence.<\/span><\/li>\n<li><span style=\"font-family: arial, helvetica, sans-serif;\">Les reconna\u00eet dans leur GLOBALITE, leur histoire et leurs groupes d\u2019appartenance<\/span><\/li>\n<li><span style=\"font-family: arial, helvetica, sans-serif;\">Les reconna\u00eet comme ACTEURS des d\u00e9cisions les concernant, de l\u2019organisation de leur prise en charge, de l\u2019\u00e9valuation des actions men\u00e9es<\/span><\/li>\n<li><span style=\"font-family: arial, helvetica, sans-serif;\">Les soutient dans l\u2019exercice de leurs DROITS ET DEVOIRS.<\/span><\/li>\n<li><span style=\"font-family: arial, helvetica, sans-serif;\">Valorise le POTENTIEL de chacun<\/span><\/li>\n<li><span style=\"font-family: arial, helvetica, sans-serif;\">Consid\u00e8re le TEMPS comme l\u2019un des facteurs essentiels de la r\u00e9alisation de son projet personnel au-del\u00e0 de l\u2019intervention de l\u2019Association.<\/span><\/li>\n<\/ul>\n<p style=\"text-align: justify;\"><span style=\"font-family: arial, helvetica, sans-serif;\"><strong>Association MILITANTE<\/strong>, ANTENNE :<\/span><\/p>\n<ul>\n<li style=\"text-align: justify;\"><span style=\"font-family: arial, helvetica, sans-serif;\">Fait le choix d\u2019un fonctionnement qui favorise L\u2019ENGAGEMENT de chacun de ses membres au service d\u2019une cause commune, qu\u2019ils soient administrateurs, professionnels ou partenaires b\u00e9n\u00e9voles.<\/span><\/li>\n<li style=\"text-align: justify;\"><span style=\"font-family: arial, helvetica, sans-serif;\">Se veut SOLIDAIRE des personnes en difficult\u00e9 par la reconnaissance de l\u2019utilit\u00e9 sociale de chacun ind\u00e9pendamment de son efficacit\u00e9 \u00e9conomique, par le t\u00e9moignage de leurs conditions d\u2019existence et de leur souffrance, par la mise en place de dispositifs de proximit\u00e9 qui articulent r\u00e9ponses individuelles et actions sur les environnements, par la contribution \u00e0 un d\u00e9veloppement durable dans lequel les personnes concern\u00e9es s\u2019impliquent pour prendre en charge leur destin\u00e9e.<\/span><\/li>\n<li style=\"text-align: justify;\"><span style=\"font-family: arial, helvetica, sans-serif;\">Est force de PROPOSITIONS en s\u2019appuyant sur ses pratiques et ses capacit\u00e9s d\u2019expertise et d\u2019observation, en apportant sa contribution \u00e0 l\u2019\u00e9laboration des politiques publiques, en prenant l\u2019initiative d\u2019innovations et d\u2019exp\u00e9rimentation.<\/span><\/li>\n<\/ul>\n<p style=\"text-align: justify;\"><span style=\"font-family: arial, helvetica, sans-serif;\"><strong><u>Les valeurs et principes d\u2019intervention au sein des services de l\u2019association Antenne<\/u><\/strong><\/span><\/p>\n<p style=\"text-align: justify;\"><span style=\"font-family: arial, helvetica, sans-serif;\">Dans le cadre d\u2019une d\u00e9clinaison du projet associatif, les valeurs suivantes constituent un cadre de r\u00e9f\u00e9rence pour les \u00e9quipes des diff\u00e9rents services de l\u2019association :<\/span><\/p>\n<p style=\"text-align: justify;\"><span style=\"font-family: arial, helvetica, sans-serif;\"><img loading=\"lazy\" decoding=\"async\" class=\"wp-image-234 aligncenter\" src=\"http:\/\/asso-antenne.fr\/wp-content\/uploads\/2018\/05\/valeurs-300x187.jpg\" alt=\"\" width=\"473\" height=\"295\" srcset=\"https:\/\/asso-antenne.fr\/wp-content\/uploads\/2018\/05\/valeurs-300x187.jpg 300w, https:\/\/asso-antenne.fr\/wp-content\/uploads\/2018\/05\/valeurs-768x480.jpg 768w, https:\/\/asso-antenne.fr\/wp-content\/uploads\/2018\/05\/valeurs-1024x639.jpg 1024w, https:\/\/asso-antenne.fr\/wp-content\/uploads\/2018\/05\/valeurs-360x225.jpg 360w\" sizes=\"auto, (max-width: 473px) 100vw, 473px\" \/><\/span><\/p>\n<p style=\"text-align: justify;\"><span style=\"font-family: arial, helvetica, sans-serif;\">Ces valeurs se traduisent par des principes d\u2019intervention d\u00e9finis en \u00e9quipe, \u00e0 partir des missions l\u00e9gales des \u00e9tablissements :<\/span><\/p>\n<ul style=\"text-align: justify;\">\n<li><span style=\"font-family: arial, helvetica, sans-serif;\"><strong>Ne pas se substituer \u00e0 la personne<\/strong>, faire avec elle et non \u00e0 sa place, la soutenir dans l\u2019apprentissage de cette autonomie qui n\u2019a pas pu \u00eatre pr\u00e9serv\u00e9e dans son parcours de vie, en l\u2019amenant \u00e0 faire des choix et \u00e0 les assumer.<\/span><\/li>\n<li><span style=\"font-family: arial, helvetica, sans-serif;\"><strong>Tenir compte des besoins, attentes et capacit\u00e9s sp\u00e9cifiques<\/strong> \u00e0 chaque personne pour adapter son accompagnement, celle-ci restant un individu singulier \u00e0 consid\u00e9rer dans sa globalit\u00e9 et non \u00abune situation probl\u00e8me\u00bb parmi d\u2019autres.<\/span><\/li>\n<li><span style=\"font-family: arial, helvetica, sans-serif;\"><strong>Fonder l\u2019accompagnement sur un projet<\/strong>, m\u00eame restreint, d\u00e9fini avec la personne accueillie afin de respecter la mission des \u00e9tablissements et services, et d\u2019encourager la personne \u00e0 envisager l\u2019avenir, alors qu\u2019elle a subi l\u2019errance, les situations de ruptures et\/ou l\u2019incarc\u00e9ration.<\/span><\/li>\n<li><span style=\"font-family: arial, helvetica, sans-serif;\"><strong>Veiller \u00e0 rester dans un cadre professionnel<\/strong> pour favoriser le respect des droits et devoirs de chacun\u00a0: l\u2019apprentissage ou la red\u00e9couverte de ces rep\u00e8res dans la relation sociale fait partie int\u00e9grante de l\u2019accompagnement pour des personnes qui se per\u00e7oivent elles-m\u00eames en marge de la soci\u00e9t\u00e9 ordinaire.<\/span><\/li>\n<li><span style=\"font-family: arial, helvetica, sans-serif;\"><strong>Constituer un lieu ouvert,<\/strong> au-del\u00e0 des rendez-vous programm\u00e9s ou de l\u2019objet d\u2019un entretien donn\u00e9, afin de permettre \u00e0 l\u2019usager d\u2019exprimer son v\u00e9cu et ses angoisses, l\u2019\u00e9quipe \u00e9tant particuli\u00e8rement attentive \u00e0 l\u2019absence de jugement face \u00e0 des personnes ayant un pass\u00e9 parfois tr\u00e8s lourd.<\/span><\/li>\n<li><span style=\"font-family: arial, helvetica, sans-serif;\"><strong>Respecter la confidentialit\u00e9<\/strong> des informations en proposant des bureaux pour les entretiens individuels et en limitant\u00a0au strict minimum, la transmission d\u2019informations en r\u00e9f\u00e9rence aux textes l\u00e9gislatifs encadrant le respect du secret professionnel.<\/span><\/li>\n<li><span style=\"font-family: arial, helvetica, sans-serif;\"><strong>Tenir compte et accepter les limites de l\u2019intervention<\/strong>, penser l\u2019insertion par \u00e9tapes et en fonction de la situation de d\u00e9part\u00a0: tout projet m\u00eame modeste, m\u00e9rite d\u2019\u00eatre accompagn\u00e9, l\u2019enjeu \u00e9tant alors pour les \u00e9tablissements et services de valoriser le chemin parcouru pour l\u2019usager lui-m\u00eame et vis-\u00e0-vis des autorit\u00e9s.<\/span><\/li>\n<\/ul>\n<p style=\"text-align: justify;\"><span style=\"font-family: arial, helvetica, sans-serif;\">Antenne souscrit par ailleurs \u00e0 l\u2019ensemble des dispositions de la Charte des Droits et Libert\u00e9s de la Personne Accueillie qui sert de cadre \u00e9thique \u00e0 tous les professionnels qui accompagnent la personne.<\/span><\/p>\n","protected":false},"excerpt":{"rendered":"<p>Projet N\u00e9e de l\u2019initiative de quelques b\u00e9n\u00e9voles, ANTENNE a su, tout au long de ses 45 ans d\u2019histoire, poursuivre les buts qu\u2019elle s\u2019\u00e9tait fix\u00e9s et d\u00e9velopper pour ce faire nombre d\u2019actions au b\u00e9n\u00e9fice des personnes vuln\u00e9rables en situation de grande&hellip;&nbsp;<a href=\"https:\/\/asso-antenne.fr\/?page_id=97\" class=\"more-link\">Lire la suite<\/a><\/p>\n","protected":false},"author":1,"featured_media":0,"parent":0,"menu_order":0,"comment_status":"closed","ping_status":"closed","template":"","meta":{"footnotes":""},"class_list":["post-97","page","type-page","status-publish","hentry"],"_links":{"self":[{"href":"https:\/\/asso-antenne.fr\/index.php?rest_route=\/wp\/v2\/pages\/97","targetHints":{"allow":["GET"]}}],"collection":[{"href":"https:\/\/asso-antenne.fr\/index.php?rest_route=\/wp\/v2\/pages"}],"about":[{"href":"https:\/\/asso-antenne.fr\/index.php?rest_route=\/wp\/v2\/types\/page"}],"author":[{"embeddable":true,"href":"https:\/\/asso-antenne.fr\/index.php?rest_route=\/wp\/v2\/users\/1"}],"replies":[{"embeddable":true,"href":"https:\/\/asso-antenne.fr\/index.php?rest_route=%2Fwp%2Fv2%2Fcomments&post=97"}],"version-history":[{"count":6,"href":"https:\/\/asso-antenne.fr\/index.php?rest_route=\/wp\/v2\/pages\/97\/revisions"}],"predecessor-version":[{"id":465,"href":"https:\/\/asso-antenne.fr\/index.php?rest_route=\/wp\/v2\/pages\/97\/revisions\/465"}],"wp:attachment":[{"href":"https:\/\/asso-antenne.fr\/index.php?rest_route=%2Fwp%2Fv2%2Fmedia&parent=97"}],"curies":[{"name":"wp","href":"https:\/\/api.w.org\/{rel}","templated":true}]}}